{"id":92,"date":"2024-02-02T19:24:54","date_gmt":"2024-02-02T19:24:54","guid":{"rendered":"https:\/\/vanguardateste2.com.br\/uiaraamazon\/?page_id=92"},"modified":"2024-02-02T19:27:40","modified_gmt":"2024-02-02T19:27:40","slug":"politicas-gerais-uiara","status":"publish","type":"page","link":"https:\/\/vanguardateste2.com.br\/uiaraamazon\/politicas-gerais-uiara\/","title":{"rendered":"Pol\u00edticas Gerais Uiara"},"content":{"rendered":"\t\t<div data-elementor-type=\"wp-page\" data-elementor-id=\"92\" class=\"elementor elementor-92\" data-elementor-post-type=\"page\">\n\t\t\t\t<div class=\"elementor-element elementor-element-689d867d e-flex e-con-boxed e-con e-parent\" data-id=\"689d867d\" data-element_type=\"container\" data-settings=\"{&quot;background_background&quot;:&quot;classic&quot;}\">\n\t\t\t\t\t<div class=\"e-con-inner\">\n\t\t<div class=\"elementor-element elementor-element-4a3c83aa e-con-full e-flex e-con e-child\" data-id=\"4a3c83aa\" data-element_type=\"container\">\n\t\t\t\t<div class=\"elementor-element elementor-element-403836c2 elementor-invisible elementor-widget elementor-widget-heading\" data-id=\"403836c2\" data-element_type=\"widget\" data-settings=\"{&quot;_animation&quot;:&quot;fadeIn&quot;}\" data-widget_type=\"heading.default\">\n\t\t\t\t<div class=\"elementor-widget-container\">\n\t\t\t<style>\/*! elementor - v3.22.0 - 24-06-2024 *\/\n.elementor-heading-title{padding:0;margin:0;line-height:1}.elementor-widget-heading .elementor-heading-title[class*=elementor-size-]>a{color:inherit;font-size:inherit;line-height:inherit}.elementor-widget-heading .elementor-heading-title.elementor-size-small{font-size:15px}.elementor-widget-heading .elementor-heading-title.elementor-size-medium{font-size:19px}.elementor-widget-heading .elementor-heading-title.elementor-size-large{font-size:29px}.elementor-widget-heading .elementor-heading-title.elementor-size-xl{font-size:39px}.elementor-widget-heading .elementor-heading-title.elementor-size-xxl{font-size:59px}<\/style><h2 class=\"elementor-heading-title elementor-size-default\">Pol\u00edticas Gerais Uiara<\/h2>\t\t<\/div>\n\t\t\t\t<\/div>\n\t\t\t\t<\/div>\n\t\t\t\t\t<\/div>\n\t\t\t\t<\/div>\n\t\t<div class=\"elementor-element elementor-element-6dc1e5f e-flex e-con-boxed e-con e-parent\" data-id=\"6dc1e5f\" data-element_type=\"container\">\n\t\t\t\t\t<div class=\"e-con-inner\">\n\t\t\t\t<div class=\"elementor-element elementor-element-cdfd877 elementor-widget elementor-widget-text-editor\" data-id=\"cdfd877\" data-element_type=\"widget\" data-widget_type=\"text-editor.default\">\n\t\t\t\t<div class=\"elementor-widget-container\">\n\t\t\t<style>\/*! elementor - v3.22.0 - 24-06-2024 *\/\n.elementor-widget-text-editor.elementor-drop-cap-view-stacked .elementor-drop-cap{background-color:#69727d;color:#fff}.elementor-widget-text-editor.elementor-drop-cap-view-framed .elementor-drop-cap{color:#69727d;border:3px solid;background-color:transparent}.elementor-widget-text-editor:not(.elementor-drop-cap-view-default) .elementor-drop-cap{margin-top:8px}.elementor-widget-text-editor:not(.elementor-drop-cap-view-default) .elementor-drop-cap-letter{width:1em;height:1em}.elementor-widget-text-editor .elementor-drop-cap{float:left;text-align:center;line-height:1;font-size:50px}.elementor-widget-text-editor .elementor-drop-cap-letter{display:inline-block}<\/style>\t\t\t\t<p>\u00a0<\/p><ul><li>Os valores apresentados est\u00e3o sujeitos \u00e0 altera\u00e7\u00e3o sem pr\u00e9vio aviso de acordo com a estrat\u00e9gia tarif\u00e1ria do hotel<\/li><li>Tarifas apresentadas em moeda local BRL, v\u00e1lida por di\u00e1rias e por apartamento<\/li><li>N\u00e3o aceitamos pets<\/li><li>Considerado o hor\u00e1rio local Amazon Time (AMT), UTC -4\u00a0<\/li><\/ul><p><strong>\u00a0<\/strong><\/p><p><strong>Pol\u00edtica de Deslocamento at\u00e9 o Resort:<\/strong><\/p><p><strong>Transfer Fluvial:<\/strong><\/p><p>P\u00eder de Embarque Uiara Amazon Resort ao Hotel Uiara Amazon Resort<\/p><ul><li>Transfer fluvial cortesia, realizado de forma compartilhada com outros passageiros no hor\u00e1rio regular.<\/li><li>Saindo do p\u00eder privativo Uiara Amazon, ida e volta com sa\u00eddas di\u00e1rias em hor\u00e1rios pr\u00e9-definidos, sujeitos a altera\u00e7\u00e3o. Navega\u00e7\u00e3o fluvial, respeitando n\u00famero m\u00e1ximo de passageiros, bem como as condi\u00e7\u00f5es clim\u00e1ticas que permitam navega\u00e7\u00e3o segura. Embarca\u00e7\u00e3o exclusiva para h\u00f3spedes do Resort.<\/li><li>Hor\u00e1rio transfer in fluvial (janeiro a agosto): 15h00 \u2013 apresentar-se com 30 minutos de anteced\u00eancia (sujeito a altera\u00e7\u00e3o).<\/li><li>Hor\u00e1rio transfer in fluvial (setembro a dezembro): 14h00 \u2013 apresentar-se com 30 minutos de anteced\u00eancia (sujeito a altera\u00e7\u00e3o).<\/li><li>Hor\u00e1rio transfer out: 16h00 com check-out \u00e0s 14h30.<\/li><li>O hotel possui op\u00e7\u00f5es de transfer fluvial privativo, a qualquer hora do dia, em lancha r\u00e1pida para at\u00e9 10 passageiros com\u00a0<strong>custo adicional a partir de R$600,00 por trecho, mediante disponibilidade e com reserva antecipada.<\/strong><\/li><li><strong>N\u00e3o realizamos servi\u00e7os de transfer noturno, sa\u00edda limite de Manaus at\u00e9 as 17h.<\/strong><\/li><li>P\u00eder privativo Uiara Amazon: Avenida Coronel Teixeira, 37 \u2013 Ponta Negra \u2013 Ref: Ap\u00f3s Cond. Riviera do lado esquerdo \u2013 Localiza\u00e7\u00e3o P\u00eder de Embarque \u2013 &gt; https:\/\/goo.gl\/maps\/Y74EETaKn3XH2rxJA<\/li><\/ul><p><strong>Limite de Bagagem:<\/strong>\u00a015Kg por pessoa. Prefer\u00eancia por mala que n\u00e3o sejam r\u00edgidas (a bagagem extra pode ser deixada na Ag\u00eancia do Uiara Amazon Resort no P\u00eder de embarque \u2013 sem cobran\u00e7as de taxas adicionais)<\/p><p>\u00a0<\/p><p><strong>Entrada antecipada \u2013 Early Check-in<\/strong><\/p><p>A entrada antecipada poder\u00e1 ser realizada mediante a disponibilidade sem custo para a libera\u00e7\u00e3o do apartamento.<\/p><p>O hotel reserva o direito de fazer a cobran\u00e7a do consumo de alimentos e bebidas n\u00e3o inclusos nas di\u00e1rias contratadas.<\/p><p>O deslocamento fluvial at\u00e9 o hotel para entrada antecipada ser\u00e1 de responsabilidade do h\u00f3spede, o mesmo dever\u00e1 contratar o servi\u00e7o privativo.<\/p><p>\u00a0<\/p><p><strong>Pol\u00edtica de Hospedagem<\/strong><\/p><ul><li>Para h\u00f3spedes, o regime alimentar \u00e9 Pens\u00e3o Completa, incluso caf\u00e9 da manh\u00e3 (Buffet servido no restaurante), almo\u00e7o, ch\u00e1 da tarde e jantar. Em todas as refei\u00e7\u00f5es est\u00e3o inclusas bebidas n\u00e3o alco\u00f3licas (\u00e1gua, suco e refrigerante). Bebidas alco\u00f3licas cobradas \u00e0 parte.<\/li><li>Check-in e check-out as 14h30.<\/li><\/ul><p><strong>\u00a0<\/strong><\/p><p><strong>Pol\u00edtica de Gratuidade:<\/strong><\/p><ul><li>Uma crian\u00e7a de at\u00e9 5 anos, cortesia acomodada na mesma cama dos pais ou respons\u00e1veis.<\/li><li>De 6 at\u00e9 11 anos ser\u00e1 cobrado taxa de cama extra conforme o tarif\u00e1rio vigente.<\/li><li>Acima de 12 anos ser\u00e1 cobrado como adulto.<\/li><\/ul><p><strong>\u00a0<\/strong><\/p><p><strong>Pol\u00edtica de Hospedagem de menores:<\/strong><\/p><ul><li>Por determina\u00e7\u00e3o da Lei Federal n\u00ba 8.069, de 13\/07\/1990 (art. 250 da Lei n\u00ba 8.069, de 13 de julho de 1990), n\u00e3o permitimos a hospedagem de menores de 18 (dezoito) anos, salvo se acompanhados por seus pais ou respons\u00e1vel. Caso o menor esteja acompanhado apenas de seu respons\u00e1vel ser\u00e1 necess\u00e1rio apresentar, no momento do check-in, documento de autoriza\u00e7\u00e3o da hospedagem do menor feito por escrito e assinado pelos pais, com firmas reconhecidas em cart\u00f3rio. Independentemente de qualquer outra disposi\u00e7\u00e3o todos os menores de 18 (dezoito) anos dever\u00e3o apresentar, no momento do check-in, documento com foto que comprove sua identidade e filia\u00e7\u00e3o ainda que acompanhados de seus pa\u00eds. RG ou Certid\u00e3o de Nascimento e passaporte para estrangeiros. A hospedagem de menor estrangeiro deve respeitar as mesmas orienta\u00e7\u00f5es acima e seguir as leis em vigor.<\/li><\/ul><p><strong>\u00a0<\/strong><\/p><p><strong>Pol\u00edtica de Pagamento:<\/strong><\/p><ul><li>Faturamento, cart\u00e3o de cr\u00e9dito virtual ou pr\u00e9-pagamento, via dep\u00f3sito.<\/li><li>N\u00e3o aceitamos pagamentos em dinheiro ou cheque em nenhum dos servi\u00e7os do Resort.<\/li><li>Encaminhar o comprovante de pagamento para o setor de reservas at\u00e9 48h antes do check in.<\/li><li>O cumprimento de nosso cronograma de pagamento \u00e9 de responsabilidade exclusiva do agente, caso contr\u00e1rio a reserva ser\u00e1 automaticamente cancelada. Se o prazo for um dia n\u00e3o \u00fatil (s\u00e1bado, domingo ou feriado), reconfirma\u00e7\u00f5es ou pagamentos devem ser feitos no dia \u00fatil anterior, antes das 17h.<\/li><li>Pagamentos efetuados via dep\u00f3sito banc\u00e1rio nas seguintes contas:<\/li><\/ul><p>Nome da empresa: W.M AREOSA LTDA<\/p><p>CNPJ: 09.525.140\/0001-58<\/p><p>Nome do banco: BRADESCO<\/p><p>Ag\u00eancia: 2368<\/p><p>N\u00famero da conta corrente: 528-2<\/p><p>CODIGO IBAN: BR34 6074 6948 0236 8000 0005 282C 1<\/p><p>C\u00f3digo SWIFT:\u00a0 BBDEBRSPSPO<\/p><p>Endere\u00e7o:\u00a0 Avenida Coronel Teixeira 370, CEP 69037-000<\/p><p><strong>\u00a0<\/strong><\/p><p><strong>Pol\u00edtica de Cancelamento:<\/strong><\/p><p>Em cumprimento das regras estabelecidas pelo \u00f3rg\u00e3o do setor, EMBRATUR conforme Delibera\u00e7\u00e3o Normativa n\u00b0 165\/95, procede-se da seguinte forma:<\/p><ul><li>Em caso de sa\u00edda antecipada das di\u00e1rias contratadas, n\u00e3o haver\u00e1 devolu\u00e7\u00e3o do valor pago;<\/li><li>Art. 49. O consumidor pode desistir do contrato, no prazo de at\u00e9 7 dias ap\u00f3s a compra da reserva, desde que a solicita\u00e7\u00e3o seja encaminhada antes das 48 horas que antecedem o check-in. As solicita\u00e7\u00f5es de cancelamento devem ser enviadas para o e-mail: reservas@uiaraamazon.com.br;<\/li><li>Aviso de cancelamento com mais de 7 dias ap\u00f3s a compra do pacote\/di\u00e1ria, ou de n\u00e3o comparecimento do h\u00f3spede (No Show), n\u00e3o haver\u00e1 devolu\u00e7\u00e3o do valor pago.<\/li><\/ul><div>\u00a0<\/div><p><strong>Pol\u00edtica de cancelamento flex\u00edvel:<\/strong><\/p><ul><li>Aviso de cancelamento com mais de 7 dias de anteced\u00eancia \u00e9 cobrado 1 di\u00e1ria.<\/li><\/ul><div>\u00a0<\/div><p><strong>Pol\u00edtica de cancelamento n\u00e3o reembols\u00e1vel:<\/strong><\/p><ul><li>Reservas n\u00e3o reembols\u00e1veis n\u00e3o possuem altera\u00e7\u00e3o e cancelamento com devolu\u00e7\u00e3o de valores<\/li><\/ul><div>\u00a0<\/div><p><strong>Pol\u00edtica de devolu\u00e7\u00e3o.<\/strong><\/p><ul><li>Em caso de morte de algum passageiro, os valores a serem ressarcidos ser\u00e3o calculados e informado ao respons\u00e1vel. Para comprova\u00e7\u00e3o do \u00f3bito, entrar em contato com o hotel para solicitar a documenta\u00e7\u00e3o necess\u00e1ria<\/li><\/ul><ul><li>Em caso de Pandemia as viagens ser\u00e3o postergadas de acordo com as restri\u00e7\u00f5es de deslocamento dos passageiros.<\/li><\/ul><div>\u00a0<\/div><p><strong>Pol\u00edtica de No SHOW:<\/strong><\/p><ul><li>No show \u00e9 uma desist\u00eancia sem cancelamento, isto \u00e9, quando o h\u00f3spede n\u00e3o comparece ao hotel na data de entrada reservada ou tenta cancelar a reserva antes das 48 horas que antecedem o check-in.<\/li><li>O n\u00e3o comparecimento ao hotel na data reservada implicar\u00e1 em multa de 100% do valor pago.<\/li><li>A su\u00edte estar\u00e1 dispon\u00edvel para o h\u00f3spede durante todo o per\u00edodo de sua reserva, bem como os servi\u00e7os descritos, exceto deslocamento cujos hor\u00e1rios s\u00e3o fixos.<\/li><li>Em caso de fechamento do resort devido ordem ou decreto estadual, ser\u00e1 seguida a Lei 14.46\/22, a qual determina que os reembolsos se dar\u00e3o no prazo m\u00e1ximo de 31.12.2023. Prazo este, que ser\u00e1 cumprido pelo Uiara Amazon Resort at\u00e9 a data limite. No caso de o h\u00f3spede preferir remarcar ou inv\u00e9s de ser reembolsado, poder\u00e1 remarcar para uma data posterior, sem cobran\u00e7a de multas ou taxas de remarca\u00e7\u00e3o, desde que comunique o hotel at\u00e9 o dia 31.12.2023.<\/li><\/ul><p><strong>\u00a0<\/strong><\/p><p><strong>Pol\u00edtica de reservas atrav\u00e9s de Intermedi\u00e1rios (Ag\u00eancias, Operadoras, OTA\u2019s e Brokers)<\/strong><\/p><ul><li>Com rela\u00e7\u00e3o \u00e0s altera\u00e7\u00f5es na reserva, solicita\u00e7\u00f5es pontuais, servi\u00e7os contratados, ou quaisquer outras mudan\u00e7as que o h\u00f3spede venha solicitar, estas dever\u00e3o ser solicitadas ao Resort pelo parceiro intermedi\u00e1rio da reserva, atrav\u00e9s de comunicado pr\u00e9vio, n\u00e3o havendo nenhuma intermedia\u00e7\u00e3o ou responsabilidade do Resort por altera\u00e7\u00f5es sem a devida valida\u00e7\u00e3o do parceiro intermedi\u00e1rio.<\/li><li>Estando estabelecidas as pol\u00edticas, qualquer situa\u00e7\u00e3o contr\u00e1ria \u00e0s descritas, dever\u00e3o estar devidamente documentadas em comunicado oficial, validado e reconhecido pelo hotel.<\/li><\/ul>\t\t\t\t\t\t<\/div>\n\t\t\t\t<\/div>\n\t\t\t\t\t<\/div>\n\t\t\t\t<\/div>\n\t\t\t\t<\/div>\n\t\t","protected":false},"excerpt":{"rendered":"<p>\u00a0 Os valores apresentados est\u00e3o sujeitos \u00e0 altera\u00e7\u00e3o sem pr\u00e9vio aviso de acordo com a estrat\u00e9gia tarif\u00e1ria do hotel Tarifas apresentadas em moeda local BRL, v\u00e1lida por di\u00e1rias e por apartamento N\u00e3o aceitamos pets Considerado o hor\u00e1rio local Amazon Time (AMT), UTC -4\u00a0 \u00a0 Pol\u00edtica de Deslocamento at\u00e9 o Resort: Transfer Fluvial: P\u00eder de Embarque [&hellip;]<\/p>\n","protected":false},"author":1,"featured_media":0,"parent":0,"menu_order":0,"comment_status":"closed","ping_status":"closed","template":"","meta":{"footnotes":""},"class_list":["post-92","page","type-page","status-publish","hentry"],"_links":{"self":[{"href":"https:\/\/vanguardateste2.com.br\/uiaraamazon\/wp-json\/wp\/v2\/pages\/92","targetHints":{"allow":["GET"]}}],"collection":[{"href":"https:\/\/vanguardateste2.com.br\/uiaraamazon\/wp-json\/wp\/v2\/pages"}],"about":[{"href":"https:\/\/vanguardateste2.com.br\/uiaraamazon\/wp-json\/wp\/v2\/types\/page"}],"author":[{"embeddable":true,"href":"https:\/\/vanguardateste2.com.br\/uiaraamazon\/wp-json\/wp\/v2\/users\/1"}],"replies":[{"embeddable":true,"href":"https:\/\/vanguardateste2.com.br\/uiaraamazon\/wp-json\/wp\/v2\/comments?post=92"}],"version-history":[{"count":4,"href":"https:\/\/vanguardateste2.com.br\/uiaraamazon\/wp-json\/wp\/v2\/pages\/92\/revisions"}],"predecessor-version":[{"id":99,"href":"https:\/\/vanguardateste2.com.br\/uiaraamazon\/wp-json\/wp\/v2\/pages\/92\/revisions\/99"}],"wp:attachment":[{"href":"https:\/\/vanguardateste2.com.br\/uiaraamazon\/wp-json\/wp\/v2\/media?parent=92"}],"curies":[{"name":"wp","href":"https:\/\/api.w.org\/{rel}","templated":true}]}}